{"id":1004,"date":"2018-03-13T20:25:46","date_gmt":"2018-03-13T19:25:46","guid":{"rendered":"http:\/\/www.lebeaukal.fr\/blog\/?page_id=1004"},"modified":"2023-05-27T15:07:13","modified_gmt":"2023-05-27T13:07:13","slug":"les-best-sellers-de-lexpress","status":"publish","type":"page","link":"https:\/\/www.lebeaukal.fr\/blog\/les-best-sellers-de-lexpress\/","title":{"rendered":"Les Best Sellers de l&rsquo;EXPRESS posent pour Christian de Brosses"},"content":{"rendered":"<h1>Les Best Sellers de l&rsquo;EXPRESS posent pour Christian de Brosses<\/h1>\n<div class=\"fusion-fullwidth fullwidth-box fusion-builder-row-1 hundred-percent-fullwidth non-hundred-percent-height-scrolling\" style=\"background-color: rgba(255,255,255,0);background-position: center center;background-repeat: no-repeat;padding-top:0px;padding-right:0px;padding-bottom:0px;padding-left:0px;margin-bottom: 0px;margin-top: 0px;border-width: 0px 0px 0px 0px;border-color:#eae9e9;border-style:solid;\" ><div class=\"fusion-builder-row fusion-row\"><div class=\"fusion-layout-column fusion_builder_column fusion-builder-column-0 fusion_builder_column_1_1 1_1 fusion-one-full fusion-column-first fusion-column-last fusion-column-no-min-height\" style=\"margin-top:0px;margin-bottom:0px;\"><div class=\"fusion-column-wrapper fusion-flex-column-wrapper-legacy\" style=\"background-position:left top;background-repeat:no-repeat;-webkit-background-size:cover;-moz-background-size:cover;-o-background-size:cover;background-size:cover;padding: 0px 0px 0px 0px;\">\n<div id=\"attachment_1054\" style=\"width: 160px\" class=\"wp-caption aligncenter\"><img decoding=\"async\" aria-describedby=\"caption-attachment-1054\" class=\"wp-image-1054 size-thumbnail\" title=\"Livre Paris 2018 - Salon du Livre de Paris\" src=\"http:\/\/www.lebeaukal.fr\/blog\/wp-content\/uploads\/2018\/03\/salonlivre2018-150x150.png\" alt=\"Livre Paris 2018 - Salon du Livre de Paris\" width=\"150\" height=\"150\" srcset=\"https:\/\/www.lebeaukal.fr\/blog\/wp-content\/uploads\/2018\/03\/salonlivre2018-66x66.png 66w, https:\/\/www.lebeaukal.fr\/blog\/wp-content\/uploads\/2018\/03\/salonlivre2018-150x150.png 150w, https:\/\/www.lebeaukal.fr\/blog\/wp-content\/uploads\/2018\/03\/salonlivre2018-200x200.png 200w, https:\/\/www.lebeaukal.fr\/blog\/wp-content\/uploads\/2018\/03\/salonlivre2018-300x300.png 300w, https:\/\/www.lebeaukal.fr\/blog\/wp-content\/uploads\/2018\/03\/salonlivre2018-400x400.png 400w, https:\/\/www.lebeaukal.fr\/blog\/wp-content\/uploads\/2018\/03\/salonlivre2018-500x500.png 500w, https:\/\/www.lebeaukal.fr\/blog\/wp-content\/uploads\/2018\/03\/salonlivre2018-600x600.png 600w, https:\/\/www.lebeaukal.fr\/blog\/wp-content\/uploads\/2018\/03\/salonlivre2018-768x768.png 768w, https:\/\/www.lebeaukal.fr\/blog\/wp-content\/uploads\/2018\/03\/salonlivre2018-800x800.png 800w, https:\/\/www.lebeaukal.fr\/blog\/wp-content\/uploads\/2018\/03\/salonlivre2018.png 960w\" sizes=\"(max-width: 150px) 100vw, 150px\" \/><p id=\"caption-attachment-1054\" class=\"wp-caption-text\">Livre Paris 2018 &#8211; Salon du Livre de Paris<\/p><\/div>\n<p>Chaque ann\u00e9e l&rsquo;Express organise une grande photo regroupant les auteurs Best Sellers francophones de l&rsquo;ann\u00e9e pr\u00e9c\u00e9dente.<\/p>\n<p>Elle est normalement reproduite dans le num\u00e9ro de l&rsquo;Express qui sort la semaine du Salon du Livre.<\/p>\n<p>J&rsquo;ai eu la chance de r\u00e9aliser cette photo pendant de nombreuses ann\u00e9es.<\/p>\n<p>Des lieux prestigieux ont h\u00e9berg\u00e9 cette photo : Le Procope, Le Fouquet&rsquo;s, Le Bristol, Le Royal Monceau.<\/p>\n<p>Vous pourrez\u00a0remarquer que certains auteurs sont des habitu\u00e9s des Best Sellers de l&rsquo;Express\u00a0!<\/p>\n<p>Voici les derni\u00e8res photos r\u00e9alis\u00e9es et prochainement les autres !<\/p>\n<p>\u00a9 Christian de Brosses\/Le BeauKal pour l&rsquo;Express<\/p>\n<div class=\"fusion-clearfix\"><\/div><\/div><\/div><div class=\"fusion-layout-column fusion_builder_column fusion-builder-column-1 fusion_builder_column_1_1 1_1 fusion-one-full fusion-column-first fusion-column-last fusion-column-no-min-height\" style=\"margin-top:0px;margin-bottom:0px;\"><div class=\"fusion-column-wrapper fusion-flex-column-wrapper-legacy\" style=\"background-position:left top;background-repeat:no-repeat;-webkit-background-size:cover;-moz-background-size:cover;-o-background-size:cover;background-size:cover;padding: 0px 0px 0px 0px;\"><div class=\"pt-cv-wrapper\"><div class=\"pt-cv-view pt-cv-grid pt-cv-colsys\" id=\"pt-cv-view-73c7056zvj\"><div data-id=\"pt-cv-page-1\" class=\"pt-cv-page cv-npf\" data-cvc=\"2\"><div class=\"col-md-6 col-sm-6 col-xs-12 pt-cv-content-item pt-cv-1-col\" ><div class='pt-cv-ifield'><div class=\"pt-cv-no-post\">Aucune publication trouv\u00e9e.<\/div><\/div><\/div><\/div><\/div><\/div><div class=\"fusion-clearfix\"><\/div><\/div><\/div><\/div><style type=\"text\/css\">.fusion-fullwidth.fusion-builder-row-1 { overflow:visible; }<\/style><\/div>\n","protected":false},"excerpt":{"rendered":"<p>Les Best Sellers de l&rsquo;EXPRESS posent pour Christian de Brosses<\/p>\n","protected":false},"author":1,"featured_media":1054,"parent":0,"menu_order":0,"comment_status":"closed","ping_status":"closed","template":"","meta":{"_uag_custom_page_level_css":"","footnotes":""},"categories":[1],"class_list":["post-1004","page","type-page","status-publish","has-post-thumbnail","hentry","category-non-classe"],"yoast_head":"<!-- This site is optimized with the Yoast SEO Premium plugin v26.4 (Yoast SEO v26.4) - https:\/\/yoast.com\/wordpress\/plugins\/seo\/ -->\n<title>Les Best Sellers de l&#039;EXPRESS posent pour Christian de Brosses<\/title>\n<meta name=\"description\" content=\"Les photos des auteurs Best Sellers de l&#039;Express. Un \u00e9v\u00e8nement dans le monde litt\u00e9raire \u00e0 l&#039;occasion du Salon du Livre de Paris\" \/>\n<meta name=\"robots\" content=\"index, follow, max-snippet:-1, max-image-preview:large, max-video-preview:-1\" \/>\n<link rel=\"canonical\" href=\"https:\/\/www.lebeaukal.fr\/blog\/les-best-sellers-de-lexpress\/\" \/>\n<meta property=\"og:locale\" content=\"fr_FR\" \/>\n<meta property=\"og:type\" content=\"article\" \/>\n<meta property=\"og:title\" content=\"Les Best Sellers de l&#039;EXPRESS posent pour Christian de Brosses\" \/>\n<meta property=\"og:description\" content=\"Les photos des auteurs Best Sellers de l&#039;Express. Un \u00e9v\u00e8nement dans le monde litt\u00e9raire \u00e0 l&#039;occasion du Salon du Livre de Paris\" \/>\n<meta property=\"og:url\" content=\"https:\/\/www.lebeaukal.fr\/blog\/les-best-sellers-de-lexpress\/\" \/>\n<meta property=\"og:site_name\" content=\"Les Bulles du BeauKal\" \/>\n<meta property=\"article:publisher\" content=\"https:\/\/www.facebook.com\/beaukalexperience\/\" \/>\n<meta property=\"article:modified_time\" content=\"2023-05-27T13:07:13+00:00\" \/>\n<meta property=\"og:image\" content=\"https:\/\/www.lebeaukal.fr\/blog\/wp-content\/uploads\/2018\/03\/salonlivre2018.png\" \/>\n\t<meta property=\"og:image:width\" content=\"960\" \/>\n\t<meta property=\"og:image:height\" content=\"960\" \/>\n\t<meta property=\"og:image:type\" content=\"image\/png\" \/>\n<meta name=\"twitter:card\" content=\"summary_large_image\" \/>\n<meta name=\"twitter:site\" content=\"@LeBeaukal\" \/>\n<meta name=\"twitter:label1\" content=\"Dur\u00e9e de lecture estim\u00e9e\" \/>\n\t<meta name=\"twitter:data1\" content=\"1 minute\" \/>\n<script type=\"application\/ld+json\" class=\"yoast-schema-graph\">{\"@context\":\"https:\/\/schema.org\",\"@graph\":[{\"@type\":\"WebPage\",\"@id\":\"https:\/\/www.lebeaukal.fr\/blog\/les-best-sellers-de-lexpress\/\",\"url\":\"https:\/\/www.lebeaukal.fr\/blog\/les-best-sellers-de-lexpress\/\",\"name\":\"Les Best Sellers de l'EXPRESS posent pour Christian de Brosses\",\"isPartOf\":{\"@id\":\"https:\/\/www.lebeaukal.fr\/blog\/#website\"},\"primaryImageOfPage\":{\"@id\":\"https:\/\/www.lebeaukal.fr\/blog\/les-best-sellers-de-lexpress\/#primaryimage\"},\"image\":{\"@id\":\"https:\/\/www.lebeaukal.fr\/blog\/les-best-sellers-de-lexpress\/#primaryimage\"},\"thumbnailUrl\":\"https:\/\/www.lebeaukal.fr\/blog\/wp-content\/uploads\/2018\/03\/salonlivre2018.png\",\"datePublished\":\"2018-03-13T19:25:46+00:00\",\"dateModified\":\"2023-05-27T13:07:13+00:00\",\"description\":\"Les photos des auteurs Best Sellers de l'Express. Un \u00e9v\u00e8nement dans le monde litt\u00e9raire \u00e0 l'occasion du Salon du Livre de Paris\",\"breadcrumb\":{\"@id\":\"https:\/\/www.lebeaukal.fr\/blog\/les-best-sellers-de-lexpress\/#breadcrumb\"},\"inLanguage\":\"fr-FR\",\"potentialAction\":[{\"@type\":\"ReadAction\",\"target\":[\"https:\/\/www.lebeaukal.fr\/blog\/les-best-sellers-de-lexpress\/\"]}]},{\"@type\":\"ImageObject\",\"inLanguage\":\"fr-FR\",\"@id\":\"https:\/\/www.lebeaukal.fr\/blog\/les-best-sellers-de-lexpress\/#primaryimage\",\"url\":\"https:\/\/www.lebeaukal.fr\/blog\/wp-content\/uploads\/2018\/03\/salonlivre2018.png\",\"contentUrl\":\"https:\/\/www.lebeaukal.fr\/blog\/wp-content\/uploads\/2018\/03\/salonlivre2018.png\",\"width\":960,\"height\":960,\"caption\":\"Livre Paris 2018 - Salon du Livre de Paris\"},{\"@type\":\"BreadcrumbList\",\"@id\":\"https:\/\/www.lebeaukal.fr\/blog\/les-best-sellers-de-lexpress\/#breadcrumb\",\"itemListElement\":[{\"@type\":\"ListItem\",\"position\":1,\"name\":\"Accueil\",\"item\":\"https:\/\/www.lebeaukal.fr\/blog\/\"},{\"@type\":\"ListItem\",\"position\":2,\"name\":\"Les Best Sellers de l&rsquo;EXPRESS posent pour Christian de Brosses\"}]},{\"@type\":\"WebSite\",\"@id\":\"https:\/\/www.lebeaukal.fr\/blog\/#website\",\"url\":\"https:\/\/www.lebeaukal.fr\/blog\/\",\"name\":\"Les Bulles du BeauKal\",\"description\":\"Le blog du studio photo Le BeauKal et informations sur la photo\",\"publisher\":{\"@id\":\"https:\/\/www.lebeaukal.fr\/blog\/#organization\"},\"potentialAction\":[{\"@type\":\"SearchAction\",\"target\":{\"@type\":\"EntryPoint\",\"urlTemplate\":\"https:\/\/www.lebeaukal.fr\/blog\/?s={search_term_string}\"},\"query-input\":{\"@type\":\"PropertyValueSpecification\",\"valueRequired\":true,\"valueName\":\"search_term_string\"}}],\"inLanguage\":\"fr-FR\"},{\"@type\":\"Organization\",\"@id\":\"https:\/\/www.lebeaukal.fr\/blog\/#organization\",\"name\":\"Le BeauKal\",\"url\":\"https:\/\/www.lebeaukal.fr\/blog\/\",\"logo\":{\"@type\":\"ImageObject\",\"inLanguage\":\"fr-FR\",\"@id\":\"https:\/\/www.lebeaukal.fr\/blog\/#\/schema\/logo\/image\/\",\"url\":\"https:\/\/www.lebeaukal.fr\/blog\/wp-content\/uploads\/2017\/01\/LOGOBK2.jpg\",\"contentUrl\":\"https:\/\/www.lebeaukal.fr\/blog\/wp-content\/uploads\/2017\/01\/LOGOBK2.jpg\",\"width\":500,\"height\":500,\"caption\":\"Le BeauKal\"},\"image\":{\"@id\":\"https:\/\/www.lebeaukal.fr\/blog\/#\/schema\/logo\/image\/\"},\"sameAs\":[\"https:\/\/www.facebook.com\/beaukalexperience\/\",\"https:\/\/x.com\/LeBeaukal\",\"https:\/\/www.instagram.com\/photographemontorgueil\/\",\"https:\/\/www.linkedin.com\/in\/christiandebrossesphotographe\/\"]}]}<\/script>\n<!-- \/ Yoast SEO Premium plugin. -->","yoast_head_json":{"title":"Les Best Sellers de l'EXPRESS posent pour Christian de Brosses","description":"Les photos des auteurs Best Sellers de l'Express. Un \u00e9v\u00e8nement dans le monde litt\u00e9raire \u00e0 l'occasion du Salon du Livre de Paris","robots":{"index":"index","follow":"follow","max-snippet":"max-snippet:-1","max-image-preview":"max-image-preview:large","max-video-preview":"max-video-preview:-1"},"canonical":"https:\/\/www.lebeaukal.fr\/blog\/les-best-sellers-de-lexpress\/","og_locale":"fr_FR","og_type":"article","og_title":"Les Best Sellers de l'EXPRESS posent pour Christian de Brosses","og_description":"Les photos des auteurs Best Sellers de l'Express. Un \u00e9v\u00e8nement dans le monde litt\u00e9raire \u00e0 l'occasion du Salon du Livre de Paris","og_url":"https:\/\/www.lebeaukal.fr\/blog\/les-best-sellers-de-lexpress\/","og_site_name":"Les Bulles du BeauKal","article_publisher":"https:\/\/www.facebook.com\/beaukalexperience\/","article_modified_time":"2023-05-27T13:07:13+00:00","og_image":[{"width":960,"height":960,"url":"https:\/\/www.lebeaukal.fr\/blog\/wp-content\/uploads\/2018\/03\/salonlivre2018.png","type":"image\/png"}],"twitter_card":"summary_large_image","twitter_site":"@LeBeaukal","twitter_misc":{"Dur\u00e9e de lecture estim\u00e9e":"1 minute"},"schema":{"@context":"https:\/\/schema.org","@graph":[{"@type":"WebPage","@id":"https:\/\/www.lebeaukal.fr\/blog\/les-best-sellers-de-lexpress\/","url":"https:\/\/www.lebeaukal.fr\/blog\/les-best-sellers-de-lexpress\/","name":"Les Best Sellers de l'EXPRESS posent pour Christian de Brosses","isPartOf":{"@id":"https:\/\/www.lebeaukal.fr\/blog\/#website"},"primaryImageOfPage":{"@id":"https:\/\/www.lebeaukal.fr\/blog\/les-best-sellers-de-lexpress\/#primaryimage"},"image":{"@id":"https:\/\/www.lebeaukal.fr\/blog\/les-best-sellers-de-lexpress\/#primaryimage"},"thumbnailUrl":"https:\/\/www.lebeaukal.fr\/blog\/wp-content\/uploads\/2018\/03\/salonlivre2018.png","datePublished":"2018-03-13T19:25:46+00:00","dateModified":"2023-05-27T13:07:13+00:00","description":"Les photos des auteurs Best Sellers de l'Express. Un \u00e9v\u00e8nement dans le monde litt\u00e9raire \u00e0 l'occasion du Salon du Livre de Paris","breadcrumb":{"@id":"https:\/\/www.lebeaukal.fr\/blog\/les-best-sellers-de-lexpress\/#breadcrumb"},"inLanguage":"fr-FR","potentialAction":[{"@type":"ReadAction","target":["https:\/\/www.lebeaukal.fr\/blog\/les-best-sellers-de-lexpress\/"]}]},{"@type":"ImageObject","inLanguage":"fr-FR","@id":"https:\/\/www.lebeaukal.fr\/blog\/les-best-sellers-de-lexpress\/#primaryimage","url":"https:\/\/www.lebeaukal.fr\/blog\/wp-content\/uploads\/2018\/03\/salonlivre2018.png","contentUrl":"https:\/\/www.lebeaukal.fr\/blog\/wp-content\/uploads\/2018\/03\/salonlivre2018.png","width":960,"height":960,"caption":"Livre Paris 2018 - Salon du Livre de Paris"},{"@type":"BreadcrumbList","@id":"https:\/\/www.lebeaukal.fr\/blog\/les-best-sellers-de-lexpress\/#breadcrumb","itemListElement":[{"@type":"ListItem","position":1,"name":"Accueil","item":"https:\/\/www.lebeaukal.fr\/blog\/"},{"@type":"ListItem","position":2,"name":"Les Best Sellers de l&rsquo;EXPRESS posent pour Christian de Brosses"}]},{"@type":"WebSite","@id":"https:\/\/www.lebeaukal.fr\/blog\/#website","url":"https:\/\/www.lebeaukal.fr\/blog\/","name":"Les Bulles du BeauKal","description":"Le blog du studio photo Le BeauKal et informations sur la photo","publisher":{"@id":"https:\/\/www.lebeaukal.fr\/blog\/#organization"},"potentialAction":[{"@type":"SearchAction","target":{"@type":"EntryPoint","urlTemplate":"https:\/\/www.lebeaukal.fr\/blog\/?s={search_term_string}"},"query-input":{"@type":"PropertyValueSpecification","valueRequired":true,"valueName":"search_term_string"}}],"inLanguage":"fr-FR"},{"@type":"Organization","@id":"https:\/\/www.lebeaukal.fr\/blog\/#organization","name":"Le BeauKal","url":"https:\/\/www.lebeaukal.fr\/blog\/","logo":{"@type":"ImageObject","inLanguage":"fr-FR","@id":"https:\/\/www.lebeaukal.fr\/blog\/#\/schema\/logo\/image\/","url":"https:\/\/www.lebeaukal.fr\/blog\/wp-content\/uploads\/2017\/01\/LOGOBK2.jpg","contentUrl":"https:\/\/www.lebeaukal.fr\/blog\/wp-content\/uploads\/2017\/01\/LOGOBK2.jpg","width":500,"height":500,"caption":"Le BeauKal"},"image":{"@id":"https:\/\/www.lebeaukal.fr\/blog\/#\/schema\/logo\/image\/"},"sameAs":["https:\/\/www.facebook.com\/beaukalexperience\/","https:\/\/x.com\/LeBeaukal","https:\/\/www.instagram.com\/photographemontorgueil\/","https:\/\/www.linkedin.com\/in\/christiandebrossesphotographe\/"]}]}},"uagb_featured_image_src":{"full":["https:\/\/www.lebeaukal.fr\/blog\/wp-content\/uploads\/2018\/03\/salonlivre2018.png",960,960,false],"thumbnail":["https:\/\/www.lebeaukal.fr\/blog\/wp-content\/uploads\/2018\/03\/salonlivre2018-150x150.png",150,150,true],"medium":["https:\/\/www.lebeaukal.fr\/blog\/wp-content\/uploads\/2018\/03\/salonlivre2018-300x300.png",300,300,true],"medium_large":["https:\/\/www.lebeaukal.fr\/blog\/wp-content\/uploads\/2018\/03\/salonlivre2018-768x768.png",768,768,true],"large":["https:\/\/www.lebeaukal.fr\/blog\/wp-content\/uploads\/2018\/03\/salonlivre2018.png",960,960,false],"slgf_12_thumb":["https:\/\/www.lebeaukal.fr\/blog\/wp-content\/uploads\/2018\/03\/salonlivre2018-500x960.png",500,960,true],"slgf_346_thumb":["https:\/\/www.lebeaukal.fr\/blog\/wp-content\/uploads\/2018\/03\/salonlivre2018-400x960.png",400,960,true],"slgf_12_same_size_thumb":["https:\/\/www.lebeaukal.fr\/blog\/wp-content\/uploads\/2018\/03\/salonlivre2018-500x500.png",500,500,true],"slgf_346_same_size_thumb":["https:\/\/www.lebeaukal.fr\/blog\/wp-content\/uploads\/2018\/03\/salonlivre2018-400x400.png",400,400,true],"rpg_gallery_admin_thumb":["https:\/\/www.lebeaukal.fr\/blog\/wp-content\/uploads\/2018\/03\/salonlivre2018-150x150.png",150,150,true],"rpg_gallery_thumb":["https:\/\/www.lebeaukal.fr\/blog\/wp-content\/uploads\/2018\/03\/salonlivre2018-150x150.png",150,150,true],"1536x1536":["https:\/\/www.lebeaukal.fr\/blog\/wp-content\/uploads\/2018\/03\/salonlivre2018.png",960,960,false],"2048x2048":["https:\/\/www.lebeaukal.fr\/blog\/wp-content\/uploads\/2018\/03\/salonlivre2018.png",960,960,false],"blog-large":["https:\/\/www.lebeaukal.fr\/blog\/wp-content\/uploads\/2018\/03\/salonlivre2018-669x272.png",669,272,true],"blog-medium":["https:\/\/www.lebeaukal.fr\/blog\/wp-content\/uploads\/2018\/03\/salonlivre2018-320x202.png",320,202,true],"recent-posts":["https:\/\/www.lebeaukal.fr\/blog\/wp-content\/uploads\/2018\/03\/salonlivre2018-700x441.png",700,441,true],"recent-works-thumbnail":["https:\/\/www.lebeaukal.fr\/blog\/wp-content\/uploads\/2018\/03\/salonlivre2018-66x66.png",66,66,true],"fusion-200":["https:\/\/www.lebeaukal.fr\/blog\/wp-content\/uploads\/2018\/03\/salonlivre2018-200x200.png",200,200,true],"fusion-400":["https:\/\/www.lebeaukal.fr\/blog\/wp-content\/uploads\/2018\/03\/salonlivre2018-400x400.png",400,400,true],"fusion-600":["https:\/\/www.lebeaukal.fr\/blog\/wp-content\/uploads\/2018\/03\/salonlivre2018-600x600.png",600,600,true],"fusion-800":["https:\/\/www.lebeaukal.fr\/blog\/wp-content\/uploads\/2018\/03\/salonlivre2018-800x800.png",800,800,true],"fusion-1200":["https:\/\/www.lebeaukal.fr\/blog\/wp-content\/uploads\/2018\/03\/salonlivre2018.png",960,960,false],"portfolio-full":["https:\/\/www.lebeaukal.fr\/blog\/wp-content\/uploads\/2018\/03\/salonlivre2018-940x400.png",940,400,true],"portfolio-one":["https:\/\/www.lebeaukal.fr\/blog\/wp-content\/uploads\/2018\/03\/salonlivre2018-540x272.png",540,272,true],"portfolio-two":["https:\/\/www.lebeaukal.fr\/blog\/wp-content\/uploads\/2018\/03\/salonlivre2018-460x295.png",460,295,true],"portfolio-three":["https:\/\/www.lebeaukal.fr\/blog\/wp-content\/uploads\/2018\/03\/salonlivre2018-300x214.png",300,214,true],"portfolio-five":["https:\/\/www.lebeaukal.fr\/blog\/wp-content\/uploads\/2018\/03\/salonlivre2018-177x142.png",177,142,true]},"uagb_author_info":{"display_name":"ChristianBK","author_link":"https:\/\/www.lebeaukal.fr\/blog\/author\/christianbk\/"},"uagb_comment_info":0,"uagb_excerpt":"Les Best Sellers de l&rsquo;EXPRESS posent pour Christian de Brosses","_links":{"self":[{"href":"https:\/\/www.lebeaukal.fr\/blog\/wp-json\/wp\/v2\/pages\/1004","targetHints":{"allow":["GET"]}}],"collection":[{"href":"https:\/\/www.lebeaukal.fr\/blog\/wp-json\/wp\/v2\/pages"}],"about":[{"href":"https:\/\/www.lebeaukal.fr\/blog\/wp-json\/wp\/v2\/types\/page"}],"author":[{"embeddable":true,"href":"https:\/\/www.lebeaukal.fr\/blog\/wp-json\/wp\/v2\/users\/1"}],"replies":[{"embeddable":true,"href":"https:\/\/www.lebeaukal.fr\/blog\/wp-json\/wp\/v2\/comments?post=1004"}],"version-history":[{"count":9,"href":"https:\/\/www.lebeaukal.fr\/blog\/wp-json\/wp\/v2\/pages\/1004\/revisions"}],"predecessor-version":[{"id":1907,"href":"https:\/\/www.lebeaukal.fr\/blog\/wp-json\/wp\/v2\/pages\/1004\/revisions\/1907"}],"wp:featuredmedia":[{"embeddable":true,"href":"https:\/\/www.lebeaukal.fr\/blog\/wp-json\/wp\/v2\/media\/1054"}],"wp:attachment":[{"href":"https:\/\/www.lebeaukal.fr\/blog\/wp-json\/wp\/v2\/media?parent=1004"}],"wp:term":[{"taxonomy":"category","embeddable":true,"href":"https:\/\/www.lebeaukal.fr\/blog\/wp-json\/wp\/v2\/categories?post=1004"}],"curies":[{"name":"wp","href":"https:\/\/api.w.org\/{rel}","templated":true}]}}